{"id":95,"date":"2024-02-27T10:55:50","date_gmt":"2024-02-27T10:55:50","guid":{"rendered":"https:\/\/elyapimitablo.com\/tr\/urun\/zsk-vincent-van-gogh-yildizli-gece-the-starry-night-reproduksiyon-yagliboya-tablo-oil-painting-on-canvas\/"},"modified":"2025-10-03T18:58:53","modified_gmt":"2025-10-03T18:58:53","slug":"zsk-vincent-van-gogh-yildizli-gece-the-starry-night-reproduksiyon-yagliboya-tablo-oil-painting-on-canvas","status":"publish","type":"product","link":"https:\/\/elyapimitablo.com\/tr\/urun\/zsk-vincent-van-gogh-yildizli-gece-the-starry-night-reproduksiyon-yagliboya-tablo-oil-painting-on-canvas\/","title":{"rendered":"ZSK | Vincent van Gogh | Y\u0131ld\u0131zl\u0131 Gece \/ The Starry Night | Reprod\u00fcksiyon Ya\u011fl\u0131boya Tablo | Oil Painting On Canvas"},"content":{"rendered":"<h1>ZSK | Vincent van Gogh &#8211; Y\u0131ld\u0131zl\u0131 Gece | The Starry Night | Reprod\u00fcksiyon Ya\u011fl\u0131boya Tablo | Oil Painting On Canvas 74 x 92 cm<\/h1>\n<p>Y\u0131ld\u0131zl\u0131 Gece \/ The Starry Night reprod\u00fcksiyon Ressam Zeliha Say\u0131l\u0131 K\u00fc\u00e7\u00fck imzal\u0131.<\/p>\n<p>Yap\u0131m Tarihi: 1889<br \/>\nYer: Saint-R\u00e9my-de-Provence<\/p>\n<p>Orjinal Boyutlar : \u00a0w921 x h737 mm<\/p>\n<p>Vincent van Gogh&#8217;un &#8220;Y\u0131ld\u0131zl\u0131 Gece&#8221; (Starry Night) adl\u0131 tablosu, \u00fcnl\u00fc sanat\u00e7\u0131n\u0131n en ikonik eserlerinden biridir. Bu tablo, 1889 y\u0131l\u0131nda, Van Gogh&#8217;un Fransa&#8217;n\u0131n Saint-R\u00e9my-de-Provence \u015fehrindeki Saint-Paul-de-Mausole Ak\u0131l Hastanesi&#8217;nde kald\u0131\u011f\u0131 s\u0131rada yap\u0131ld\u0131.<\/p>\n<div class=\"mceTemp\"><\/div>\n<p>&#8220;Y\u0131ld\u0131zl\u0131 Gece&#8221;, geni\u015f f\u0131r\u00e7a darbeleri ve yo\u011fun renk kullan\u0131m\u0131yla tan\u0131n\u0131r. Van Gogh, bu tabloda g\u00f6ky\u00fcz\u00fcne dair etkileyici bir yorum yapm\u0131\u015ft\u0131r. Ay, y\u0131ld\u0131zlar ve bulutlar, yo\u011fun bir d\u00f6n\u00fc\u015f\u00fcm ve abart\u0131l\u0131 bir ifadeyle resmedilmi\u015ftir. Tablodaki y\u0131ld\u0131zlar, d\u00f6nemin g\u00f6kbilim bilgisiyle tam olarak uyumlu de\u011fildir; Van Gogh&#8217;un i\u00e7 d\u00fcnyas\u0131ndan bir yans\u0131ma olarak y\u0131ld\u0131zlar fantastik bir \u015fekilde resmedilmi\u015ftir.<\/p>\n<p>Van Gogh&#8217;un &#8220;Y\u0131ld\u0131zl\u0131 Gece&#8221; tablosu, modern sanat\u0131n \u00f6nde gelen eserlerinden biri olarak kabul edilir ve d\u00fcnya genelinde sanatseverlerin ilgisini \u00e7eker. Sanat tarihinde \u00f6nemli bir yere sahip olan bu tablo, Van Gogh&#8217;un dramatik ya\u015fam \u00f6yk\u00fcs\u00fc ve sanat\u0131n\u0131n g\u00fcc\u00fcyle birle\u015ferek insanlar\u0131n hayal g\u00fcc\u00fcn\u00fc ve duygular\u0131n\u0131 harekete ge\u00e7irir.<\/p>\n<p>Y\u0131ld\u0131zl\u0131 gece tablosu, bir manzara resmi olarak tasvir edilmi\u015ftir. Van Gogh, manzaran\u0131n merkezine b\u00fcy\u00fck bir kasabay\u0131 yerle\u015ftirmi\u015ftir. Bu kasaba, y\u00fcksek tepeler ve sarmal bulutlar aras\u0131nda bulunur. G\u00f6ky\u00fcz\u00fcnde, y\u0131ld\u0131zlar ve ay, belirgin bir \u015fekilde resmedilmi\u015ftir. \u00a0Van Gogh&#8217;un tipik tarz\u0131 olan canl\u0131 renkleri ve kal\u0131n f\u0131r\u00e7a darbeleri bu tabloda da g\u00f6ze \u00e7arpar. Mavi ve sar\u0131 tonlar\u0131, \u00f6zellikle tablonun g\u00f6ky\u00fcz\u00fc k\u0131sm\u0131nda yo\u011fun olarak kullan\u0131lm\u0131\u015ft\u0131r.\u00a0 \u00a0&#8220;Y\u0131ld\u0131zl\u0131 Gece&#8221;, sadece bir manzara tablosu olarak g\u00f6r\u00fclmemelidir. Van Gogh, tabloyu resmederken i\u00e7sel d\u00fcnyas\u0131ndan ve duygular\u0131ndan da ilham alm\u0131\u015ft\u0131r. Bu tablo, sanat\u00e7\u0131n\u0131n duygusal durumunu ve i\u00e7 \u00e7at\u0131\u015fmalar\u0131n\u0131 yans\u0131tan bir ifade olarak kabul edilir.<\/p>\n<p>Van Gogh, &#8220;Y\u0131ld\u0131zl\u0131 Gece&#8221; tablosunu Saint-R\u00e9my-de-Provence&#8217;deki ak\u0131l hastanesinin manzaras\u0131ndan esinlenerek yapm\u0131\u015ft\u0131r. Ancak, ger\u00e7ek manzaray\u0131 oldu\u011fu gibi resmetmekten ziyade, i\u00e7sel bir duyguyu ve atmosferi yakalamak i\u00e7in \u00e7e\u015fitli de\u011fi\u015fiklikler yapm\u0131\u015ft\u0131r.<\/p>\n<p>&#8220;Y\u0131ld\u0131zl\u0131 Gece&#8221;, modern sanat\u0131n en tan\u0131nm\u0131\u015f eserlerinden biri olarak kabul edilir. D\u00f6neminde tan\u0131nmasa da, g\u00fcn\u00fcm\u00fczde bir sembol haline gelmi\u015ftir. Sanat tarih\u00e7ileri ve ele\u015ftirmenler, tablonun Van Gogh&#8217;un ustal\u0131\u011f\u0131n\u0131 ve duygusal derinli\u011fini sergiledi\u011fini vurgularlar. &#8220;Y\u0131ld\u0131zl\u0131 Gece&#8221;, New York&#8217;taki Modern Sanatlar M\u00fczesi (MoMA) gibi bir\u00e7ok \u00f6nemli m\u00fczede sergilenmektedir. Bu tablo, sanatseverlerin ve turistlerin yo\u011fun ilgisini \u00e7eker ve m\u00fczelerin en pop\u00fcler eserleri aras\u0131ndad\u0131r.\u00a0 &#8220;Y\u0131ld\u0131zl\u0131 Gece&#8221;, Van Gogh&#8217;un yarat\u0131c\u0131 d\u00f6neminin en \u00f6nemli eserlerinden biri olarak kabul edilir.<\/p>\n<p>Ev ve ofis dekorasyonunda kullanabilece\u011finiz reprod\u00fcksiyon \u00f6zel tasar\u0131m tablolar i\u00e7in di\u011fer tablolar\u0131m\u0131z\u0131 inceleyin.<\/p>\n<figure id=\"attachment_2689\" aria-describedby=\"caption-attachment-2689\" style=\"width: 980px\" class=\"wp-caption alignnone\"><img loading=\"lazy\" decoding=\"async\" class=\"size-large wp-image-2689\" src=\"https:\/\/elyapimitablo.com\/tr\/wp-content\/uploads\/ZSK-compared-vangoh-yildizli-gece-1024x410.jpg\" alt=\"ZSK - compared - vangoh-yildizli-gece\" width=\"980\" height=\"392\" srcset=\"https:\/\/elyapimitablo.com\/tr\/wp-content\/uploads\/ZSK-compared-vangoh-yildizli-gece-1024x410.jpg 1024w, https:\/\/elyapimitablo.com\/tr\/wp-content\/uploads\/ZSK-compared-vangoh-yildizli-gece-300x120.jpg 300w, https:\/\/elyapimitablo.com\/tr\/wp-content\/uploads\/ZSK-compared-vangoh-yildizli-gece-150x60.jpg 150w, https:\/\/elyapimitablo.com\/tr\/wp-content\/uploads\/ZSK-compared-vangoh-yildizli-gece-768x307.jpg 768w, https:\/\/elyapimitablo.com\/tr\/wp-content\/uploads\/ZSK-compared-vangoh-yildizli-gece-416x166.jpg 416w, https:\/\/elyapimitablo.com\/tr\/wp-content\/uploads\/ZSK-compared-vangoh-yildizli-gece.jpg 1327w\" sizes=\"auto, (max-width: 980px) 100vw, 980px\" \/><figcaption id=\"caption-attachment-2689\" class=\"wp-caption-text\">ZSK &#8211; compared &#8211; vangoh-yildizli-gece<\/figcaption><\/figure>\n<p><strong>* Ressam Zeliha Say\u0131l\u0131 K\u00fc\u00e7\u00fck imzal\u0131 %100 el yap\u0131m\u0131<\/strong><\/p>\n<p>* Nakliye fiyata dahildir.<\/p>\n<p>* \u00c7er\u00e7eve fiyat\u0131 se\u00e7ime g\u00f6re de\u011fi\u015fmekte, fiyata dahil de\u011fildir.<\/p>\n<p>* Uzun \u00f6m\u00fcrl\u00fcd\u00fcr renkler solmaz 5+ y\u0131l.<\/p>\n<p>* PVC \u00fczerine seri \u00fcretim makine bask\u0131s\u0131 tablo sat\u0131\u015f\u0131m\u0131z yoktur. T\u00fcm resimlerimiz %100 el yap\u0131m\u0131 tuval bezi \u00fczerine 1. kalite ya\u011fl\u0131boyad\u0131r.<\/p>\n<p>* Tablonun tamam\u0131 el yap\u0131m\u0131; tuval bezi \u00fczerine spatula ve f\u0131r\u00e7a ile boyama tekni\u011fi ile yap\u0131lm\u0131\u015ft\u0131r, piyasada k\u0131s\u0131tl\u0131 bir par\u00e7as\u0131 ressam taraf\u0131ndan boyanan k\u0131sm\u0131 makine taraf\u0131ndan bas\u0131lan tablolar ile k\u0131yaslamay\u0131n\u0131z.<\/p>\n<p>* Sertifikal\u0131, yat\u0131r\u0131m i\u00e7in uygundur.<\/p>\n<p>* 3 ve \u00fczeri \u00e7oklu al\u0131mlar i\u00e7in \u00f6zel fiyat alabilirsiniz.<\/p>\n<p>Ev ve ofis dekorasyonunda kullanabilece\u011finiz reprod\u00fcksiyon \u00f6zel tasar\u0131m tablolar i\u00e7in di\u011fer tablolar\u0131m\u0131z\u0131 inceleyin. \u00c7ok b\u00fcy\u00fck ebat tablo sipari\u015fleriniz adresinizde teslim ve adresinizde montaj hizmeti ile teslim edilir, \u00f6zel boyutlu resimler i\u00e7in bilgi al\u0131n\u0131z.<\/p>\n<p>\u00d6zel portre ve \u00f6zel ya\u011fl\u0131boya tablo talepleriniz i\u00e7in ileti\u015fim b\u00f6l\u00fcm\u00fcnden bilgi alabilirsiniz.<\/p>\n<p>\u00dcnl\u00fc ressamlar\u0131n reprod\u00fcksiyon resimleri i\u00e7in fiyat al\u0131n\u0131z<\/p>\n<p>Ressam Ar\u015fivi\u00a0adresinden eski ressamlar\u0131n tablolar\u0131n\u0131 inceleyebilirsiniz.<\/p>\n<p>Ki\u015fiye \u00f6zel bir hediye deneyimi i\u00e7in<a href=\"https:\/\/www.elyapimihediye.com.tr\"> elyapimihediye.com.tr<\/a> sitemizi incelemeyi unutmay\u0131n.<\/p>\n<p>&nbsp;<\/p>\n<p>&nbsp;<\/p>\n","protected":false},"excerpt":{"rendered":"<p>ZSK | Vincent van Gogh &#8211; Y\u0131ld\u0131zl\u0131 Gece | The Starry Night | Reprod\u00fcksiyon Ya\u011fl\u0131boya Tablo | Oil Painting On Canvas 74 x 92 cm Y\u0131ld\u0131zl\u0131 Gece \/ The Starry Night reprod\u00fcksiyon Ressam Zeliha Say\u0131l\u0131 K\u00fc\u00e7\u00fck imzal\u0131. Yap\u0131m Tarihi: 1889 Yer: Saint-R\u00e9my-de-Provence Orjinal Boyutlar : \u00a0w921 x h737 mm Vincent van Gogh&#8217;un &#8220;Y\u0131ld\u0131zl\u0131 Gece&#8221; (Starry [&hellip;]<\/p>\n","protected":false},"featured_media":2495,"template":"","meta":[],"product_brand":[],"product_cat":[78,211,64],"product_tag":[125,106],"class_list":{"0":"post-95","1":"product","2":"type-product","3":"status-publish","4":"has-post-thumbnail","6":"product_cat-reproduksiyon-yagliboya-tablo","7":"product_cat-van-gogh-tablo","8":"product_cat-tum-yagliboya-tablolar","9":"product_tag-van-gogh","10":"product_tag-yildizli-gece","12":"first","13":"instock","14":"shipping-taxable","15":"purchasable","16":"product-type-simple"},"_links":{"self":[{"href":"https:\/\/elyapimitablo.com\/tr\/wp-json\/wp\/v2\/product\/95","targetHints":{"allow":["GET"]}}],"collection":[{"href":"https:\/\/elyapimitablo.com\/tr\/wp-json\/wp\/v2\/product"}],"about":[{"href":"https:\/\/elyapimitablo.com\/tr\/wp-json\/wp\/v2\/types\/product"}],"wp:featuredmedia":[{"embeddable":true,"href":"https:\/\/elyapimitablo.com\/tr\/wp-json\/wp\/v2\/media\/2495"}],"wp:attachment":[{"href":"https:\/\/elyapimitablo.com\/tr\/wp-json\/wp\/v2\/media?parent=95"}],"wp:term":[{"taxonomy":"product_brand","embeddable":true,"href":"https:\/\/elyapimitablo.com\/tr\/wp-json\/wp\/v2\/product_brand?post=95"},{"taxonomy":"product_cat","embeddable":true,"href":"https:\/\/elyapimitablo.com\/tr\/wp-json\/wp\/v2\/product_cat?post=95"},{"taxonomy":"product_tag","embeddable":true,"href":"https:\/\/elyapimitablo.com\/tr\/wp-json\/wp\/v2\/product_tag?post=95"}],"curies":[{"name":"wp","href":"https:\/\/api.w.org\/{rel}","templated":true}]}}